{"id":11354,"date":"2026-03-04T18:17:32","date_gmt":"2026-03-04T18:17:32","guid":{"rendered":"https:\/\/fetajorentacar.com\/preguntas-frecuentes\/"},"modified":"2026-03-17T14:32:23","modified_gmt":"2026-03-17T14:32:23","slug":"preguntas-frecuentes-alquiler-de-coches-en-malaga","status":"publish","type":"page","link":"https:\/\/fetajorentacar.com\/es\/preguntas-frecuentes-alquiler-de-coches-en-malaga\/","title":{"rendered":"Preguntas frecuentes sobre alquiler de coches en M\u00e1laga &#8211; 15 preguntas esenciales contestadas"},"content":{"rendered":"\t\t<div data-elementor-type=\"wp-page\" data-elementor-id=\"11354\" class=\"elementor elementor-11354 elementor-10607\" data-elementor-post-type=\"page\">\n\t\t\t\t<div class=\"elementor-element elementor-element-924ba22 e-con-full e-flex e-con e-parent\" data-id=\"924ba22\" data-element_type=\"container\" data-e-type=\"container\" data-settings=\"{&quot;background_background&quot;:&quot;classic&quot;}\">\n\t\t<div class=\"elementor-element elementor-element-5489a3b border-radius-section e-flex e-con-boxed e-con e-child\" data-id=\"5489a3b\" data-element_type=\"container\" data-e-type=\"container\" data-settings=\"{&quot;background_background&quot;:&quot;classic&quot;}\">\n\t\t\t\t\t<div class=\"e-con-inner\">\n\t\t<div class=\"elementor-element elementor-element-d8b5ab2 e-con-full e-flex e-con e-child\" data-id=\"d8b5ab2\" data-element_type=\"container\" data-e-type=\"container\">\n\t\t\t\t<div class=\"elementor-element elementor-element-5bdc94b at-heading-animation at-animation-heading-style-2 elementor-widget elementor-widget-heading\" data-id=\"5bdc94b\" data-element_type=\"widget\" data-e-type=\"widget\" data-settings=\"{&quot;ekit_we_effect_on&quot;:&quot;none&quot;}\" data-widget_type=\"heading.default\">\n\t\t\t\t\t<h1 class=\"elementor-heading-title elementor-size-default\">Preguntas frecuentes sobre alquiler de coches en M\u00e1laga &#8211; 15 preguntas esenciales contestadas<\/h1>\t\t\t\t<\/div>\n\t\t\t\t<\/div>\n\t\t<div class=\"elementor-element elementor-element-1367131 e-con-full e-flex e-con e-child\" data-id=\"1367131\" data-element_type=\"container\" data-e-type=\"container\">\n\t\t\t\t<div class=\"elementor-element elementor-element-60ade3a hero-image at-image-animation at-animation-image-none at-none elementor-widget elementor-widget-image\" data-id=\"60ade3a\" data-element_type=\"widget\" data-e-type=\"widget\" data-settings=\"{&quot;ekit_we_effect_on&quot;:&quot;none&quot;}\" data-widget_type=\"image.default\">\n\t\t\t\t\t\t\t\t\t\t\t\t\t\t\t<img fetchpriority=\"high\" decoding=\"async\" width=\"1280\" height=\"720\" src=\"https:\/\/fetajorentacar.com\/wp-content\/uploads\/2025\/10\/Fetajo-Rent-a-Car-Car-hire-Malaga-Airport-in-Costa-del-Sol-Malaga-2-1.webp\" class=\"attachment-full size-full wp-image-10979\" alt=\"Alquiler de coches en M\u00e1laga - preguntas frecuentes\" srcset=\"https:\/\/fetajorentacar.com\/wp-content\/uploads\/2025\/10\/Fetajo-Rent-a-Car-Car-hire-Malaga-Airport-in-Costa-del-Sol-Malaga-2-1.webp 1280w, https:\/\/fetajorentacar.com\/wp-content\/uploads\/2025\/10\/Fetajo-Rent-a-Car-Car-hire-Malaga-Airport-in-Costa-del-Sol-Malaga-2-1-300x169.webp 300w, https:\/\/fetajorentacar.com\/wp-content\/uploads\/2025\/10\/Fetajo-Rent-a-Car-Car-hire-Malaga-Airport-in-Costa-del-Sol-Malaga-2-1-1024x576.webp 1024w, https:\/\/fetajorentacar.com\/wp-content\/uploads\/2025\/10\/Fetajo-Rent-a-Car-Car-hire-Malaga-Airport-in-Costa-del-Sol-Malaga-2-1-768x432.webp 768w\" sizes=\"(max-width: 1280px) 100vw, 1280px\" \/>\t\t\t\t\t\t\t\t\t\t\t\t\t\t\t<\/div>\n\t\t\t\t<\/div>\n\t\t\t\t\t<\/div>\n\t\t\t\t<\/div>\n\t\t\t\t<\/div>\n\t\t<div class=\"elementor-element elementor-element-ce10be6 e-flex e-con-boxed e-con e-parent\" data-id=\"ce10be6\" data-element_type=\"container\" data-e-type=\"container\">\n\t\t\t\t\t<div class=\"e-con-inner\">\n\t\t\t\t<div class=\"elementor-element elementor-element-d424dae at-heading-animation at-animation-heading-style-2 elementor-widget elementor-widget-heading\" data-id=\"d424dae\" data-element_type=\"widget\" data-e-type=\"widget\" data-settings=\"{&quot;ekit_we_effect_on&quot;:&quot;none&quot;}\" data-widget_type=\"heading.default\">\n\t\t\t\t\t<h2 class=\"elementor-heading-title elementor-size-default\">Alquiler de coches en M\u00e1laga<br>Preguntas frecuentes<\/h2>\t\t\t\t<\/div>\n\t\t\t\t\t<\/div>\n\t\t\t\t<\/div>\n\t\t<div class=\"elementor-element elementor-element-b7b205e e-flex e-con-boxed e-con e-parent\" data-id=\"b7b205e\" data-element_type=\"container\" data-e-type=\"container\">\n\t\t\t\t\t<div class=\"e-con-inner\">\n\t\t<div class=\"elementor-element elementor-element-e0ed08a e-con-full e-flex e-con e-child\" data-id=\"e0ed08a\" data-element_type=\"container\" data-e-type=\"container\">\n\t\t<div class=\"elementor-element elementor-element-0c53bab e-con-full sticky-column e-flex e-con e-child\" data-id=\"0c53bab\" data-element_type=\"container\" data-e-type=\"container\">\n\t\t<div class=\"elementor-element elementor-element-562bd77 e-con-full e-flex elementor-invisible e-con e-child\" data-id=\"562bd77\" data-element_type=\"container\" data-e-type=\"container\" data-settings=\"{&quot;animation&quot;:&quot;fadeInUp&quot;}\">\n\t\t\t\t<div class=\"elementor-element elementor-element-68f9e77 at-heading-animation at-animation-heading-none elementor-widget elementor-widget-heading\" data-id=\"68f9e77\" data-element_type=\"widget\" data-e-type=\"widget\" data-settings=\"{&quot;ekit_we_effect_on&quot;:&quot;none&quot;}\" data-widget_type=\"heading.default\">\n\t\t\t\t\t<h2 class=\"elementor-heading-title elementor-size-default\">Preguntas frecuentes sobre el alquiler de coches en M\u00e1laga<\/h2>\t\t\t\t<\/div>\n\t\t\t\t<div class=\"elementor-element elementor-element-2fba49a elementor-icon-list--layout-traditional elementor-list-item-link-full_width elementor-widget elementor-widget-icon-list\" data-id=\"2fba49a\" data-element_type=\"widget\" data-e-type=\"widget\" data-settings=\"{&quot;ekit_we_effect_on&quot;:&quot;none&quot;}\" data-widget_type=\"icon-list.default\">\n\t\t\t\t\t\t\t<ul class=\"elementor-icon-list-items\">\n\t\t\t\t\t\t\t<li class=\"elementor-icon-list-item\">\n\t\t\t\t\t\t\t\t\t\t\t<a href=\"#faq-1\">\n\n\t\t\t\t\t\t\t\t\t\t\t\t<span class=\"elementor-icon-list-icon\">\n\t\t\t\t\t\t\t\t\t\t\t\t\t<\/span>\n\t\t\t\t\t\t\t\t\t\t<span class=\"elementor-icon-list-text\">Servicios Coche<\/span>\n\t\t\t\t\t\t\t\t\t\t\t<\/a>\n\t\t\t\t\t\t\t\t\t<\/li>\n\t\t\t\t\t\t\t\t<li class=\"elementor-icon-list-item\">\n\t\t\t\t\t\t\t\t\t\t\t<a href=\"#faq-2\">\n\n\t\t\t\t\t\t\t\t\t\t\t\t<span class=\"elementor-icon-list-icon\">\n\t\t\t\t\t\t\t\t\t\t\t\t\t<\/span>\n\t\t\t\t\t\t\t\t\t\t<span class=\"elementor-icon-list-text\">Documentos y requisitos<\/span>\n\t\t\t\t\t\t\t\t\t\t\t<\/a>\n\t\t\t\t\t\t\t\t\t<\/li>\n\t\t\t\t\t\t\t\t<li class=\"elementor-icon-list-item\">\n\t\t\t\t\t\t\t\t\t\t\t<a href=\"#faq-3\">\n\n\t\t\t\t\t\t\t\t\t\t\t\t<span class=\"elementor-icon-list-icon\">\n\t\t\t\t\t\t\t\t\t\t\t\t\t<\/span>\n\t\t\t\t\t\t\t\t\t\t<span class=\"elementor-icon-list-text\">Coches, Reservas<\/span>\n\t\t\t\t\t\t\t\t\t\t\t<\/a>\n\t\t\t\t\t\t\t\t\t<\/li>\n\t\t\t\t\t\t\t\t<li class=\"elementor-icon-list-item\">\n\t\t\t\t\t\t\t\t\t\t\t<a href=\"#faq-4\">\n\n\t\t\t\t\t\t\t\t\t\t\t\t<span class=\"elementor-icon-list-icon\">\n\t\t\t\t\t\t\t\t\t\t\t\t\t<\/span>\n\t\t\t\t\t\t\t\t\t\t<span class=\"elementor-icon-list-text\">Formas de pago<\/span>\n\t\t\t\t\t\t\t\t\t\t\t<\/a>\n\t\t\t\t\t\t\t\t\t<\/li>\n\t\t\t\t\t\t<\/ul>\n\t\t\t\t\t\t<\/div>\n\t\t\t\t<\/div>\n\t\t\t\t<\/div>\n\t\t\t\t<\/div>\n\t\t<div class=\"elementor-element elementor-element-fc6e70f e-con-full e-flex e-con e-child\" data-id=\"fc6e70f\" data-element_type=\"container\" data-e-type=\"container\">\n\t\t<div class=\"elementor-element elementor-element-162bb98 e-con-full e-flex e-con e-child\" data-id=\"162bb98\" data-element_type=\"container\" data-e-type=\"container\" id=\"faq-1\">\n\t\t\t\t<div class=\"elementor-element elementor-element-251a75a at-heading-animation at-animation-heading-style-2 elementor-widget elementor-widget-heading\" data-id=\"251a75a\" data-element_type=\"widget\" data-e-type=\"widget\" data-settings=\"{&quot;ekit_we_effect_on&quot;:&quot;none&quot;}\" data-widget_type=\"heading.default\">\n\t\t\t\t\t<h2 class=\"elementor-heading-title elementor-size-default\">Problemas con el coche y multas<\/h2>\t\t\t\t<\/div>\n\t\t\t\t<div class=\"elementor-element elementor-element-e99cb5b faq-accordion elementor-invisible elementor-widget elementor-widget-elementskit-accordion\" data-id=\"e99cb5b\" data-element_type=\"widget\" data-e-type=\"widget\" data-settings=\"{&quot;_animation&quot;:&quot;fadeInUp&quot;,&quot;ekit_we_effect_on&quot;:&quot;none&quot;}\" data-widget_type=\"elementskit-accordion.default\">\n\t\t\t\t\t<div class=\"ekit-wid-con\" >\n        <div class=\"elementskit-accordion accoedion-primary\" id=\"accordion-6a97a43d88215\">\n\n            \n                <div class=\"elementskit-card \">\n                    <div class=\"elementskit-card-header\" id=\"primaryHeading-0-e99cb5b\" role=\"heading\" aria-level=\"3\">\n                        <a href=\"#collapse-2f60f406a97a43d88215\" class=\"ekit-accordion--toggler elementskit-btn-link collapsed\" role=\"button\" data-ekit-toggle=\"collapse\" data-target=\"#Collapse-2f60f406a97a43d88215\" aria-expanded=\"false\" aria-controls=\"Collapse-2f60f406a97a43d88215\">\n                            \n                                <span class=\"number\"><\/span>\n\n                            \n                            <span class=\"ekit-accordion-title\">\u00bfTe han puesto una multa de tr\u00e1fico?<\/span>\n\n                            \n                                <div class=\"ekit_accordion_icon_group\">\n                                    <div class=\"ekit_accordion_normal_icon\">\n                                        <!-- Normal Icon -->\n\t\t\t\t\t\t\t\t\t\t                                    <\/div>\n\n                                    <div class=\"ekit_accordion_active_icon\">\n                                        <!-- Active Icon -->\n\t\t\t\t\t\t\t\t\t\t                                    <\/div>\n                                <\/div>\n\n                            \n                                                    <\/a>\n                    <\/div>\n\n                    <div id=\"Collapse-2f60f406a97a43d88215\" class=\" collapse\" role=\"region\" aria-labelledby=\"primaryHeading-0-e99cb5b\" data-parent=\"#accordion-6a97a43d88215\">\n\n                        <div class=\"elementskit-card-body ekit-accordion--content\">\n                            <p>La gesti\u00f3n de multas de tr\u00e1fico es sin coste alguno, con o sin nuestro Seguro a Todo Riesgo. El pago de la multa en s\u00ed corre siempre a cargo del conductor.<\/p>\n                        <\/div>\n\n                    <\/div>\n\n                <\/div><!-- .elementskit-card END -->\n\n                \n                <div class=\"elementskit-card \">\n                    <div class=\"elementskit-card-header\" id=\"primaryHeading-1-e99cb5b\" role=\"heading\" aria-level=\"3\">\n                        <a href=\"#collapse-2778af66a97a43d88215\" class=\"ekit-accordion--toggler elementskit-btn-link collapsed\" role=\"button\" data-ekit-toggle=\"collapse\" data-target=\"#Collapse-2778af66a97a43d88215\" aria-expanded=\"false\" aria-controls=\"Collapse-2778af66a97a43d88215\">\n                            \n                                <span class=\"number\"><\/span>\n\n                            \n                            <span class=\"ekit-accordion-title\">\u00bfQu\u00e9 pasa si se estropea el coche?<\/span>\n\n                            \n                                <div class=\"ekit_accordion_icon_group\">\n                                    <div class=\"ekit_accordion_normal_icon\">\n                                        <!-- Normal Icon -->\n\t\t\t\t\t\t\t\t\t\t                                    <\/div>\n\n                                    <div class=\"ekit_accordion_active_icon\">\n                                        <!-- Active Icon -->\n\t\t\t\t\t\t\t\t\t\t                                    <\/div>\n                                <\/div>\n\n                            \n                                                    <\/a>\n                    <\/div>\n\n                    <div id=\"Collapse-2778af66a97a43d88215\" class=\" collapse\" role=\"region\" aria-labelledby=\"primaryHeading-1-e99cb5b\" data-parent=\"#accordion-6a97a43d88215\">\n\n                        <div class=\"elementskit-card-body ekit-accordion--content\">\n                            <p>En caso de aver\u00eda del veh\u00edculo y si \u00e9ste no est\u00e1 en condiciones de ser conducido, deber\u00e1s ponerte en contacto con nuestras oficinas (Calahonda: +34 952 93 44 12 \u00f3 +34 615 66 88 81, Riviera del Sol: +34 952 93 97 38 \u00f3 +34 667 56 55 27), y te enviaremos nuestra asistencia en carretera lo antes posible.<\/p>\n                        <\/div>\n\n                    <\/div>\n\n                <\/div><!-- .elementskit-card END -->\n\n                \n                <div class=\"elementskit-card \">\n                    <div class=\"elementskit-card-header\" id=\"primaryHeading-2-e99cb5b\" role=\"heading\" aria-level=\"3\">\n                        <a href=\"#collapse-a528e5c6a97a43d88215\" class=\"ekit-accordion--toggler elementskit-btn-link collapsed\" role=\"button\" data-ekit-toggle=\"collapse\" data-target=\"#Collapse-a528e5c6a97a43d88215\" aria-expanded=\"false\" aria-controls=\"Collapse-a528e5c6a97a43d88215\">\n                            \n                                <span class=\"number\"><\/span>\n\n                            \n                            <span class=\"ekit-accordion-title\">\u00bfHemos respondido a todas tus preguntas?<\/span>\n\n                            \n                                <div class=\"ekit_accordion_icon_group\">\n                                    <div class=\"ekit_accordion_normal_icon\">\n                                        <!-- Normal Icon -->\n\t\t\t\t\t\t\t\t\t\t                                    <\/div>\n\n                                    <div class=\"ekit_accordion_active_icon\">\n                                        <!-- Active Icon -->\n\t\t\t\t\t\t\t\t\t\t                                    <\/div>\n                                <\/div>\n\n                            \n                                                    <\/a>\n                    <\/div>\n\n                    <div id=\"Collapse-a528e5c6a97a43d88215\" class=\" collapse\" role=\"region\" aria-labelledby=\"primaryHeading-2-e99cb5b\" data-parent=\"#accordion-6a97a43d88215\">\n\n                        <div class=\"elementskit-card-body ekit-accordion--content\">\n                            <div class=\"elementor-element elementor-element-78ff192 elementor-widget elementor-widget-accordion\">\n<div class=\"elementor-widget-container\">\n<div class=\"elementor-accordion\">\n<div class=\"elementor-accordion-item\">\n<div class=\"elementor-tab-content elementor-clearfix elementor-active\">Si necesitas m\u00e1s informaci\u00f3n, no dudes en preguntarnos aqu\u00ed.<\/div>\n<\/div>\n<\/div>\n<\/div>\n<\/div>\n<div class=\"elementor-element elementor-element-9afd958 elementor-widget elementor-widget-spacer\">\n<div class=\"elementor-widget-container\">\n<div class=\"elementor-spacer\"> <\/div>\n<\/div>\n<\/div>\n                        <\/div>\n\n                    <\/div>\n\n                <\/div><!-- .elementskit-card END -->\n\n                                        <\/div>\n    <\/div>\t\t\t\t<\/div>\n\t\t\t\t<\/div>\n\t\t<div class=\"elementor-element elementor-element-d99122a e-con-full e-flex e-con e-child\" data-id=\"d99122a\" data-element_type=\"container\" data-e-type=\"container\" id=\"faq-2\">\n\t\t\t\t<div class=\"elementor-element elementor-element-63c727b at-heading-animation at-animation-heading-style-2 elementor-widget elementor-widget-heading\" data-id=\"63c727b\" data-element_type=\"widget\" data-e-type=\"widget\" data-settings=\"{&quot;ekit_we_effect_on&quot;:&quot;none&quot;}\" data-widget_type=\"heading.default\">\n\t\t\t\t\t<h2 class=\"elementor-heading-title elementor-size-default\">Documentos<\/h2>\t\t\t\t<\/div>\n\t\t\t\t<div class=\"elementor-element elementor-element-7c514b8 faq-accordion elementor-invisible elementor-widget elementor-widget-elementskit-accordion\" data-id=\"7c514b8\" data-element_type=\"widget\" data-e-type=\"widget\" data-settings=\"{&quot;_animation&quot;:&quot;fadeInUp&quot;,&quot;ekit_we_effect_on&quot;:&quot;none&quot;}\" data-widget_type=\"elementskit-accordion.default\">\n\t\t\t\t\t<div class=\"ekit-wid-con\" >\n        <div class=\"elementskit-accordion accoedion-primary\" id=\"accordion-6a97a43d8a66a\">\n\n            \n                <div class=\"elementskit-card \">\n                    <div class=\"elementskit-card-header\" id=\"primaryHeading-0-7c514b8\" role=\"heading\" aria-level=\"3\">\n                        <a href=\"#collapse-38ac9516a97a43d8a66a\" class=\"ekit-accordion--toggler elementskit-btn-link collapsed\" role=\"button\" data-ekit-toggle=\"collapse\" data-target=\"#Collapse-38ac9516a97a43d8a66a\" aria-expanded=\"false\" aria-controls=\"Collapse-38ac9516a97a43d8a66a\">\n                            \n                                <span class=\"number\"><\/span>\n\n                            \n                            <span class=\"ekit-accordion-title\">\u00bfQu\u00e9 documentos debo llevar a la recogida del veh\u00edculo?<\/span>\n\n                            \n                                <div class=\"ekit_accordion_icon_group\">\n                                    <div class=\"ekit_accordion_normal_icon\">\n                                        <!-- Normal Icon -->\n\t\t\t\t\t\t\t\t\t\t                                    <\/div>\n\n                                    <div class=\"ekit_accordion_active_icon\">\n                                        <!-- Active Icon -->\n\t\t\t\t\t\t\t\t\t\t                                    <\/div>\n                                <\/div>\n\n                            \n                                                    <\/a>\n                    <\/div>\n\n                    <div id=\"Collapse-38ac9516a97a43d8a66a\" class=\" collapse\" role=\"region\" aria-labelledby=\"primaryHeading-0-7c514b8\" data-parent=\"#accordion-6a97a43d8a66a\">\n\n                        <div class=\"elementskit-card-body ekit-accordion--content\">\n                            <div class=\"elementor-accordion-item\">\n<div class=\"elementor-tab-content elementor-clearfix elementor-active\">\n<p>Siempre que desees alquilar con Fetajo Rent a Car, debes tener al menos 25 a\u00f1os y al menos 2 a\u00f1os de experiencia de carnet de conducir. Tienes que llevar a la recogida del veh\u00edculo los <strong>Documentos Originales<\/strong>, NO copias ni fotos de: <strong>DNI o Pasaporte<\/strong>, Permiso de Conducir y Tarjeta de Cr\u00e9dito emitida a nombre del titular. Todos al d\u00eda.  <\/p>\n<\/div>\n<\/div>\n<div class=\"elementor-accordion-item\">\n<div class=\"elementor-tab-title\"> <\/div>\n<\/div>\n                        <\/div>\n\n                    <\/div>\n\n                <\/div><!-- .elementskit-card END -->\n\n                \n                <div class=\"elementskit-card \">\n                    <div class=\"elementskit-card-header\" id=\"primaryHeading-1-7c514b8\" role=\"heading\" aria-level=\"3\">\n                        <a href=\"#collapse-c0baef46a97a43d8a66a\" class=\"ekit-accordion--toggler elementskit-btn-link collapsed\" role=\"button\" data-ekit-toggle=\"collapse\" data-target=\"#Collapse-c0baef46a97a43d8a66a\" aria-expanded=\"false\" aria-controls=\"Collapse-c0baef46a97a43d8a66a\">\n                            \n                                <span class=\"number\"><\/span>\n\n                            \n                            <span class=\"ekit-accordion-title\">\u00bfQu\u00e9 documentos necesito para alquilar un coche?<\/span>\n\n                            \n                                <div class=\"ekit_accordion_icon_group\">\n                                    <div class=\"ekit_accordion_normal_icon\">\n                                        <!-- Normal Icon -->\n\t\t\t\t\t\t\t\t\t\t                                    <\/div>\n\n                                    <div class=\"ekit_accordion_active_icon\">\n                                        <!-- Active Icon -->\n\t\t\t\t\t\t\t\t\t\t                                    <\/div>\n                                <\/div>\n\n                            \n                                                    <\/a>\n                    <\/div>\n\n                    <div id=\"Collapse-c0baef46a97a43d8a66a\" class=\" collapse\" role=\"region\" aria-labelledby=\"primaryHeading-1-7c514b8\" data-parent=\"#accordion-6a97a43d8a66a\">\n\n                        <div class=\"elementskit-card-body ekit-accordion--content\">\n                            <div class=\"elementor-accordion-item\">\n<div class=\"elementor-tab-content elementor-clearfix elementor-active\">\n<div class=\"elementor-tab-title\">\n<div class=\"elementor-accordion-item\">\n<div class=\"elementor-tab-content elementor-clearfix elementor-active\">\n<p>Pasaporte o documento de identidad, carn\u00e9 de conducir y una tarjeta de cr\u00e9dito v\u00e1lida<\/p>\n<\/div>\n<\/div>\n<div class=\"elementor-accordion-item\">\n<div class=\"elementor-tab-title\"> <\/div>\n<\/div>\n<\/div>\n<\/div>\n<\/div>\n<div class=\"elementor-accordion-item\">\n<div class=\"elementor-tab-title\"> <\/div>\n<\/div>\n                        <\/div>\n\n                    <\/div>\n\n                <\/div><!-- .elementskit-card END -->\n\n                                        <\/div>\n    <\/div>\t\t\t\t<\/div>\n\t\t\t\t<\/div>\n\t\t<div class=\"elementor-element elementor-element-0ae7a18 e-con-full e-flex e-con e-child\" data-id=\"0ae7a18\" data-element_type=\"container\" data-e-type=\"container\" id=\"faq-3\">\n\t\t\t\t<div class=\"elementor-element elementor-element-03079bd at-heading-animation at-animation-heading-style-2 elementor-widget elementor-widget-heading\" data-id=\"03079bd\" data-element_type=\"widget\" data-e-type=\"widget\" data-settings=\"{&quot;ekit_we_effect_on&quot;:&quot;none&quot;}\" data-widget_type=\"heading.default\">\n\t\t\t\t\t<h2 class=\"elementor-heading-title elementor-size-default\">Coches<\/h2>\t\t\t\t<\/div>\n\t\t\t\t<div class=\"elementor-element elementor-element-019c801 faq-accordion elementor-invisible elementor-widget elementor-widget-elementskit-accordion\" data-id=\"019c801\" data-element_type=\"widget\" data-e-type=\"widget\" data-settings=\"{&quot;_animation&quot;:&quot;fadeInUp&quot;,&quot;ekit_we_effect_on&quot;:&quot;none&quot;}\" data-widget_type=\"elementskit-accordion.default\">\n\t\t\t\t\t<div class=\"ekit-wid-con\" >\n        <div class=\"elementskit-accordion accoedion-primary\" id=\"accordion-6a97a43d8c501\">\n\n            \n                <div class=\"elementskit-card \">\n                    <div class=\"elementskit-card-header\" id=\"primaryHeading-0-019c801\" role=\"heading\" aria-level=\"3\">\n                        <a href=\"#collapse-d0a53ec6a97a43d8c501\" class=\"ekit-accordion--toggler elementskit-btn-link collapsed\" role=\"button\" data-ekit-toggle=\"collapse\" data-target=\"#Collapse-d0a53ec6a97a43d8c501\" aria-expanded=\"false\" aria-controls=\"Collapse-d0a53ec6a97a43d8c501\">\n                            \n                                <span class=\"number\"><\/span>\n\n                            \n                            <span class=\"ekit-accordion-title\">\u00bfPuedo elegir el modelo de veh\u00edculo?<\/span>\n\n                            \n                                <div class=\"ekit_accordion_icon_group\">\n                                    <div class=\"ekit_accordion_normal_icon\">\n                                        <!-- Normal Icon -->\n\t\t\t\t\t\t\t\t\t\t                                    <\/div>\n\n                                    <div class=\"ekit_accordion_active_icon\">\n                                        <!-- Active Icon -->\n\t\t\t\t\t\t\t\t\t\t                                    <\/div>\n                                <\/div>\n\n                            \n                                                    <\/a>\n                    <\/div>\n\n                    <div id=\"Collapse-d0a53ec6a97a43d8c501\" class=\" collapse\" role=\"region\" aria-labelledby=\"primaryHeading-0-019c801\" data-parent=\"#accordion-6a97a43d8c501\">\n\n                        <div class=\"elementskit-card-body ekit-accordion--content\">\n                            <p>Te confirmamos el grupo de coches (coches con caracter\u00edsticas t\u00e9cnicas similares) pero no el modelo. Puedes poner en observaciones el tipo de coche que prefieres y haremos lo posible por proporcion\u00e1rtelo si est\u00e1 disponible. <\/p>\n                        <\/div>\n\n                    <\/div>\n\n                <\/div><!-- .elementskit-card END -->\n\n                \n                <div class=\"elementskit-card \">\n                    <div class=\"elementskit-card-header\" id=\"primaryHeading-1-019c801\" role=\"heading\" aria-level=\"3\">\n                        <a href=\"#collapse-7df52cc6a97a43d8c501\" class=\"ekit-accordion--toggler elementskit-btn-link collapsed\" role=\"button\" data-ekit-toggle=\"collapse\" data-target=\"#Collapse-7df52cc6a97a43d8c501\" aria-expanded=\"false\" aria-controls=\"Collapse-7df52cc6a97a43d8c501\">\n                            \n                                <span class=\"number\"><\/span>\n\n                            \n                            <span class=\"ekit-accordion-title\">\u00bfD\u00f3nde y cu\u00e1ndo tengo que devolver el coche?<\/span>\n\n                            \n                                <div class=\"ekit_accordion_icon_group\">\n                                    <div class=\"ekit_accordion_normal_icon\">\n                                        <!-- Normal Icon -->\n\t\t\t\t\t\t\t\t\t\t                                    <\/div>\n\n                                    <div class=\"ekit_accordion_active_icon\">\n                                        <!-- Active Icon -->\n\t\t\t\t\t\t\t\t\t\t                                    <\/div>\n                                <\/div>\n\n                            \n                                                    <\/a>\n                    <\/div>\n\n                    <div id=\"Collapse-7df52cc6a97a43d8c501\" class=\" collapse\" role=\"region\" aria-labelledby=\"primaryHeading-1-019c801\" data-parent=\"#accordion-6a97a43d8c501\">\n\n                        <div class=\"elementskit-card-body ekit-accordion--content\">\n                            <p>Tienes que entregar el coche en el lugar y a la hora indicados en tu contrato o por nuestro representante. En caso de retrasos u horarios, ponte en contacto con nosotros y reorganizaremos la hora de entrega. <\/p>\n                        <\/div>\n\n                    <\/div>\n\n                <\/div><!-- .elementskit-card END -->\n\n                \n                <div class=\"elementskit-card \">\n                    <div class=\"elementskit-card-header\" id=\"primaryHeading-2-019c801\" role=\"heading\" aria-level=\"3\">\n                        <a href=\"#collapse-33d236e6a97a43d8c501\" class=\"ekit-accordion--toggler elementskit-btn-link collapsed\" role=\"button\" data-ekit-toggle=\"collapse\" data-target=\"#Collapse-33d236e6a97a43d8c501\" aria-expanded=\"false\" aria-controls=\"Collapse-33d236e6a97a43d8c501\">\n                            \n                                <span class=\"number\"><\/span>\n\n                            \n                            <span class=\"ekit-accordion-title\">\u00bfPuedo ampliar el periodo de alquiler?<\/span>\n\n                            \n                                <div class=\"ekit_accordion_icon_group\">\n                                    <div class=\"ekit_accordion_normal_icon\">\n                                        <!-- Normal Icon -->\n\t\t\t\t\t\t\t\t\t\t                                    <\/div>\n\n                                    <div class=\"ekit_accordion_active_icon\">\n                                        <!-- Active Icon -->\n\t\t\t\t\t\t\t\t\t\t                                    <\/div>\n                                <\/div>\n\n                            \n                                                    <\/a>\n                    <\/div>\n\n                    <div id=\"Collapse-33d236e6a97a43d8c501\" class=\" collapse\" role=\"region\" aria-labelledby=\"primaryHeading-2-019c801\" data-parent=\"#accordion-6a97a43d8c501\">\n\n                        <div class=\"elementskit-card-body ekit-accordion--content\">\n                            <div class=\"elementor-accordion-item\">\n<div class=\"elementor-tab-content elementor-clearfix elementor-active\">Para prorrogar tu alquiler, debes llamar a nuestro departamento de reservas, al menos 24 horas antes del vencimiento del contrato. Es necesario para evitar que caduque el seguro que cubre el periodo de alquiler. <\/div>\n<\/div>\n<div class=\"elementor-accordion-item\">\n<div class=\"elementor-tab-title\"> <\/div>\n<\/div>\n                        <\/div>\n\n                    <\/div>\n\n                <\/div><!-- .elementskit-card END -->\n\n                \n                <div class=\"elementskit-card \">\n                    <div class=\"elementskit-card-header\" id=\"primaryHeading-3-019c801\" role=\"heading\" aria-level=\"3\">\n                        <a href=\"#collapse-fdf2c6d6a97a43d8c501\" class=\"ekit-accordion--toggler elementskit-btn-link collapsed\" role=\"button\" data-ekit-toggle=\"collapse\" data-target=\"#Collapse-fdf2c6d6a97a43d8c501\" aria-expanded=\"false\" aria-controls=\"Collapse-fdf2c6d6a97a43d8c501\">\n                            \n                                <span class=\"number\"><\/span>\n\n                            \n                            <span class=\"ekit-accordion-title\">\u00bfHay un l\u00edmite de kil\u00f3metros?<\/span>\n\n                            \n                                <div class=\"ekit_accordion_icon_group\">\n                                    <div class=\"ekit_accordion_normal_icon\">\n                                        <!-- Normal Icon -->\n\t\t\t\t\t\t\t\t\t\t                                    <\/div>\n\n                                    <div class=\"ekit_accordion_active_icon\">\n                                        <!-- Active Icon -->\n\t\t\t\t\t\t\t\t\t\t                                    <\/div>\n                                <\/div>\n\n                            \n                                                    <\/a>\n                    <\/div>\n\n                    <div id=\"Collapse-fdf2c6d6a97a43d8c501\" class=\" collapse\" role=\"region\" aria-labelledby=\"primaryHeading-3-019c801\" data-parent=\"#accordion-6a97a43d8c501\">\n\n                        <div class=\"elementskit-card-body ekit-accordion--content\">\n                            <div class=\"elementor-accordion-item\">\n<div class=\"elementor-tab-content elementor-clearfix elementor-active\">\n<div class=\"elementor-accordion-item\">\n<div class=\"elementor-tab-content elementor-clearfix elementor-active\">\n<p>No, nuestra empresa ofrece kilometraje ilimitado Si contratas nuestro seguro a todo riesgo<\/p>\n<\/div>\n<\/div>\n<div class=\"elementor-accordion-item\">\n<div class=\"elementor-tab-title\"> <\/div>\n<\/div>\n<\/div>\n<\/div>\n<div class=\"elementor-accordion-item\">\n<div class=\"elementor-tab-title\"> <\/div>\n<\/div>\n                        <\/div>\n\n                    <\/div>\n\n                <\/div><!-- .elementskit-card END -->\n\n                \n                <div class=\"elementskit-card \">\n                    <div class=\"elementskit-card-header\" id=\"primaryHeading-4-019c801\" role=\"heading\" aria-level=\"3\">\n                        <a href=\"#collapse-ef8170b6a97a43d8c501\" class=\"ekit-accordion--toggler elementskit-btn-link collapsed\" role=\"button\" data-ekit-toggle=\"collapse\" data-target=\"#Collapse-ef8170b6a97a43d8c501\" aria-expanded=\"false\" aria-controls=\"Collapse-ef8170b6a97a43d8c501\">\n                            \n                                <span class=\"number\"><\/span>\n\n                            \n                            <span class=\"ekit-accordion-title\">\u00bfTengo que colocar yo mismo las sillas de beb\u00e9 y los accesorios de descanso? <\/span>\n\n                            \n                                <div class=\"ekit_accordion_icon_group\">\n                                    <div class=\"ekit_accordion_normal_icon\">\n                                        <!-- Normal Icon -->\n\t\t\t\t\t\t\t\t\t\t                                    <\/div>\n\n                                    <div class=\"ekit_accordion_active_icon\">\n                                        <!-- Active Icon -->\n\t\t\t\t\t\t\t\t\t\t                                    <\/div>\n                                <\/div>\n\n                            \n                                                    <\/a>\n                    <\/div>\n\n                    <div id=\"Collapse-ef8170b6a97a43d8c501\" class=\" collapse\" role=\"region\" aria-labelledby=\"primaryHeading-4-019c801\" data-parent=\"#accordion-6a97a43d8c501\">\n\n                        <div class=\"elementskit-card-body ekit-accordion--content\">\n                            <div class=\"elementor-accordion-item\">\n<div class=\"elementor-tab-content elementor-clearfix elementor-active\">\n<div class=\"elementor-accordion-item\">\n<div class=\"elementor-tab-content elementor-clearfix elementor-active\">\n<div class=\"elementor-accordion-item\">\n<div class=\"elementor-tab-content elementor-clearfix elementor-active\">\n<p>El cliente es responsable de instalar y colocar los accesorios adicionales, de acuerdo con la legislaci\u00f3n espa\u00f1ola. En caso de accidente, la empresa no asume ninguna responsabilidad por esta instalaci\u00f3n. <\/p>\n<\/div>\n<\/div>\n<div class=\"elementor-accordion-item\">\n<div class=\"elementor-tab-title\"> <\/div>\n<\/div>\n<\/div>\n<\/div>\n<div class=\"elementor-accordion-item\">\n<div class=\"elementor-tab-title\"> <\/div>\n<\/div>\n<\/div>\n<\/div>\n<div class=\"elementor-accordion-item\">\n<div class=\"elementor-tab-title\"> <\/div>\n<\/div>\n                        <\/div>\n\n                    <\/div>\n\n                <\/div><!-- .elementskit-card END -->\n\n                                        <\/div>\n    <\/div>\t\t\t\t<\/div>\n\t\t\t\t<\/div>\n\t\t<div class=\"elementor-element elementor-element-8c29674 e-con-full e-flex e-con e-child\" data-id=\"8c29674\" data-element_type=\"container\" data-e-type=\"container\" id=\"faq-4\">\n\t\t\t\t<div class=\"elementor-element elementor-element-0461994 at-heading-animation at-animation-heading-style-2 elementor-widget elementor-widget-heading\" data-id=\"0461994\" data-element_type=\"widget\" data-e-type=\"widget\" data-settings=\"{&quot;ekit_we_effect_on&quot;:&quot;none&quot;}\" data-widget_type=\"heading.default\">\n\t\t\t\t\t<h2 class=\"elementor-heading-title elementor-size-default\">Paga<\/h2>\t\t\t\t<\/div>\n\t\t\t\t<div class=\"elementor-element elementor-element-0bb1dd0 faq-accordion elementor-invisible elementor-widget elementor-widget-elementskit-accordion\" data-id=\"0bb1dd0\" data-element_type=\"widget\" data-e-type=\"widget\" data-settings=\"{&quot;_animation&quot;:&quot;fadeInUp&quot;,&quot;ekit_we_effect_on&quot;:&quot;none&quot;}\" data-widget_type=\"elementskit-accordion.default\">\n\t\t\t\t\t<div class=\"ekit-wid-con\" >\n        <div class=\"elementskit-accordion accoedion-primary\" id=\"accordion-6a97a43d8f75e\">\n\n            \n                <div class=\"elementskit-card \">\n                    <div class=\"elementskit-card-header\" id=\"primaryHeading-0-0bb1dd0\" role=\"heading\" aria-level=\"3\">\n                        <a href=\"#collapse-1cb6ea26a97a43d8f75e\" class=\"ekit-accordion--toggler elementskit-btn-link collapsed\" role=\"button\" data-ekit-toggle=\"collapse\" data-target=\"#Collapse-1cb6ea26a97a43d8f75e\" aria-expanded=\"false\" aria-controls=\"Collapse-1cb6ea26a97a43d8f75e\">\n                            \n                                <span class=\"number\"><\/span>\n\n                            \n                            <span class=\"ekit-accordion-title\">\u00bfPuedo pagar en efectivo?<\/span>\n\n                            \n                                <div class=\"ekit_accordion_icon_group\">\n                                    <div class=\"ekit_accordion_normal_icon\">\n                                        <!-- Normal Icon -->\n\t\t\t\t\t\t\t\t\t\t                                    <\/div>\n\n                                    <div class=\"ekit_accordion_active_icon\">\n                                        <!-- Active Icon -->\n\t\t\t\t\t\t\t\t\t\t                                    <\/div>\n                                <\/div>\n\n                            \n                                                    <\/a>\n                    <\/div>\n\n                    <div id=\"Collapse-1cb6ea26a97a43d8f75e\" class=\" collapse\" role=\"region\" aria-labelledby=\"primaryHeading-0-0bb1dd0\" data-parent=\"#accordion-6a97a43d8f75e\">\n\n                        <div class=\"elementskit-card-body ekit-accordion--content\">\n                            <div class=\"elementor-accordion-item\">\n<div class=\"elementor-tab-content elementor-clearfix elementor-active\">\n<p>S\u00ed, aceptamos efectivo, pero es imprescindible disponer de una Tarjeta de Cr\u00e9dito v\u00e1lida, que pertenezca al titular principal del contrato como garant\u00eda del pago.<\/p>\n<\/div>\n<\/div>\n<div class=\"elementor-accordion-item\">\n<div class=\"elementor-tab-title\"> <\/div>\n<\/div>\n                        <\/div>\n\n                    <\/div>\n\n                <\/div><!-- .elementskit-card END -->\n\n                                        <\/div>\n    <\/div>\t\t\t\t<\/div>\n\t\t\t\t<\/div>\n\t\t\t\t<\/div>\n\t\t\t\t\t<\/div>\n\t\t\t\t<\/div>\n\t\t<div class=\"elementor-element elementor-element-c24fab3 e-flex e-con-boxed e-con e-parent\" data-id=\"c24fab3\" data-element_type=\"container\" data-e-type=\"container\">\n\t\t\t\t\t<div class=\"e-con-inner\">\n\t\t<div class=\"elementor-element elementor-element-4793e14 e-con-full e-flex e-con e-child\" data-id=\"4793e14\" data-element_type=\"container\" data-e-type=\"container\">\n\t\t<div class=\"elementor-element elementor-element-660a20d e-con-full e-flex e-con e-child\" data-id=\"660a20d\" data-element_type=\"container\" data-e-type=\"container\">\n\t\t\t\t<div class=\"elementor-element elementor-element-92bd7c2 at-heading-animation at-animation-heading-none elementor-widget elementor-widget-heading\" data-id=\"92bd7c2\" data-element_type=\"widget\" data-e-type=\"widget\" data-settings=\"{&quot;ekit_we_effect_on&quot;:&quot;none&quot;}\" data-widget_type=\"heading.default\">\n\t\t\t\t\t<h2 class=\"elementor-heading-title elementor-size-default\">Alquiler de coches en M\u00e1laga<\/h2>\t\t\t\t<\/div>\n\t\t\t\t<div class=\"elementor-element elementor-element-b81466c at-heading-animation at-animation-heading-style-2 elementor-widget elementor-widget-heading\" data-id=\"b81466c\" data-element_type=\"widget\" data-e-type=\"widget\" data-settings=\"{&quot;ekit_we_effect_on&quot;:&quot;none&quot;}\" data-widget_type=\"heading.default\">\n\t\t\t\t\t<h2 class=\"elementor-heading-title elementor-size-default\"><a href=\"https:\/\/www.google.com\/maps\/dir\/\/Fetajo+Rent+a+Car,+Av.+de+Andaluc%C3%ADa,+25,+29651+Las+Lagunas+de+Mijas,+M%C3%A1laga\/data=!4m6!4m5!1m1!4e2!1m2!1m1!1s0xd72e3eeb59c5899:0x88ffbab10566951c?sa=X&#038;ved=1t:57443&#038;ictx=111\" target=\"_blank\" rel=\"noopener\">Tu empresa familiar de calidad <br><\/a><\/h2>\t\t\t\t<\/div>\n\t\t\t\t<\/div>\n\t\t<div class=\"elementor-element elementor-element-5845985 e-con-full e-flex e-con e-child\" data-id=\"5845985\" data-element_type=\"container\" data-e-type=\"container\">\n\t\t\t\t<div class=\"elementor-element elementor-element-6edc20d elementor-widget elementor-widget-spacer\" data-id=\"6edc20d\" data-element_type=\"widget\" data-e-type=\"widget\" data-settings=\"{&quot;ekit_we_effect_on&quot;:&quot;none&quot;}\" data-widget_type=\"spacer.default\">\n\t\t\t\t\t\t\t<div class=\"elementor-spacer\">\n\t\t\t<div class=\"elementor-spacer-inner\"><\/div>\n\t\t<\/div>\n\t\t\t\t\t\t<\/div>\n\t\t\t\t<div class=\"elementor-element elementor-element-feccaea elementor-invisible elementor-widget elementor-widget-text-editor\" data-id=\"feccaea\" data-element_type=\"widget\" data-e-type=\"widget\" data-settings=\"{&quot;_animation&quot;:&quot;fadeInUp&quot;,&quot;_animation_delay&quot;:100,&quot;ekit_we_effect_on&quot;:&quot;none&quot;}\" data-widget_type=\"text-editor.default\">\n\t\t\t\t\t\t\t\t\t<p>A lo largo de los a\u00f1os, hemos ganado premios y acreditaciones que subrayan nuestro inquebrantable enfoque en la calidad y la seguridad.<\/p>\t\t\t\t\t\t\t\t<\/div>\n\t\t\t\t<\/div>\n\t\t\t\t<\/div>\n\t\t<div class=\"elementor-element elementor-element-168f914 e-con-full e-flex elementor-invisible e-con e-child\" data-id=\"168f914\" data-element_type=\"container\" data-e-type=\"container\" data-settings=\"{&quot;animation&quot;:&quot;fadeInUp&quot;,&quot;animation_delay&quot;:100}\">\n\t\t\t\t<div class=\"elementor-element elementor-element-8c3398d elementor-widget__width-initial elementor-widget-mobile__width-inherit ekit-equal-height-disable elementor-widget elementor-widget-elementskit-icon-box\" data-id=\"8c3398d\" data-element_type=\"widget\" data-e-type=\"widget\" data-settings=\"{&quot;ekit_we_effect_on&quot;:&quot;none&quot;}\" data-widget_type=\"elementskit-icon-box.default\">\n\t\t\t\t\t<div class=\"ekit-wid-con\" >        <!-- link opening -->\n                <!-- end link opening -->\n\n        <div class=\"elementskit-infobox text-left text-left icon-lef-right-aligin elementor-animation- media  \">\n                            <div class=\"elementskit-box-header\">\n                <div class=\"elementskit-info-box-icon text-center\">\n                    <img decoding=\"async\" width=\"130\" height=\"130\" src=\"https:\/\/fetajorentacar.com\/wp-content\/uploads\/2025\/06\/Fetajo-Rent-a-Car-Car-hire-Malaga-Airport-in-Costa-del-Sol-Malaga-2.webp\" class=\"attachment- size-\" alt=\"Car hire Malaga Airport with Fetajo, delivered at arrivals\" \/>                <\/div>\n          <\/div>\n                <div class=\"box-body\">\n                            <h3 class=\"elementskit-info-box-title\">\n                    Entrega y recogida en el aeropuerto de M\u00e1laga                <\/h3>\n                        \t\t  \t<p>Recogida y traslado gratuito al aeropuerto de M\u00e1laga\n<\/p>\n                                <\/div>\n        \n        \n                <\/div>\n        <\/div>\t\t\t\t<\/div>\n\t\t\t\t<div class=\"elementor-element elementor-element-5b4ddad elementor-widget__width-initial elementor-widget-mobile__width-inherit ekit-equal-height-disable elementor-widget elementor-widget-elementskit-icon-box\" data-id=\"5b4ddad\" data-element_type=\"widget\" data-e-type=\"widget\" data-settings=\"{&quot;ekit_we_effect_on&quot;:&quot;none&quot;}\" data-widget_type=\"elementskit-icon-box.default\">\n\t\t\t\t\t<div class=\"ekit-wid-con\" >        <!-- link opening -->\n                <!-- end link opening -->\n\n        <div class=\"elementskit-infobox text-left text-left icon-lef-right-aligin elementor-animation- media  \">\n                            <div class=\"elementskit-box-header\">\n                <div class=\"elementskit-info-box-icon text-center\">\n                    <img decoding=\"async\" width=\"130\" height=\"130\" src=\"https:\/\/fetajorentacar.com\/wp-content\/uploads\/2025\/06\/Fetajo-Rent-a-Car-Car-hire-Malaga-Airport-in-Costa-del-Sol-Malaga-3.webp\" class=\"attachment- size-\" alt=\"Rent a car in Malaga with unlimited mileage and full insurance\" \/>                <\/div>\n          <\/div>\n                <div class=\"box-body\">\n                            <h3 class=\"elementskit-info-box-title\">\n                    Nuestros precios en la web son totalmente cerrados.                <\/h3>\n                        \t\t  \t<p>No tendr\u00e1s sorpresas, ni costes adicionales al recoger tu veh\u00edculo\n<\/p>\n                                <\/div>\n        \n        \n                <\/div>\n        <\/div>\t\t\t\t<\/div>\n\t\t\t\t<div class=\"elementor-element elementor-element-3917ee9 elementor-widget__width-initial elementor-widget-mobile__width-inherit ekit-equal-height-disable elementor-widget elementor-widget-elementskit-icon-box\" data-id=\"3917ee9\" data-element_type=\"widget\" data-e-type=\"widget\" data-settings=\"{&quot;ekit_we_effect_on&quot;:&quot;none&quot;}\" data-widget_type=\"elementskit-icon-box.default\">\n\t\t\t\t\t<div class=\"ekit-wid-con\" >        <!-- link opening -->\n                <!-- end link opening -->\n\n        <div class=\"elementskit-infobox text-left text-left icon-lef-right-aligin elementor-animation- media  \">\n                            <div class=\"elementskit-box-header\">\n                <div class=\"elementskit-info-box-icon text-center\">\n                    <img loading=\"lazy\" decoding=\"async\" width=\"130\" height=\"130\" src=\"https:\/\/fetajorentacar.com\/wp-content\/uploads\/2025\/06\/Fetajo-Rent-a-Car-Car-hire-Malaga-Airport-in-Costa-del-Sol-Malaga-4.webp\" class=\"attachment- size-\" alt=\"Fetajo rental car on the Costa del Sol\" \/>                <\/div>\n          <\/div>\n                <div class=\"box-body\">\n                            <h3 class=\"elementskit-info-box-title\">\n                    Somos de confianza, no hacemos negocios con combustible                <\/h3>\n                        \t\t  \t<p>Entrega el coche con la misma cantidad con la que lo recogiste.\n<\/p>\n                                <\/div>\n        \n        \n                <\/div>\n        <\/div>\t\t\t\t<\/div>\n\t\t\t\t<div class=\"elementor-element elementor-element-5049820 elementor-widget__width-initial elementor-widget-mobile__width-inherit ekit-equal-height-disable elementor-widget elementor-widget-elementskit-icon-box\" data-id=\"5049820\" data-element_type=\"widget\" data-e-type=\"widget\" data-settings=\"{&quot;ekit_we_effect_on&quot;:&quot;none&quot;}\" data-widget_type=\"elementskit-icon-box.default\">\n\t\t\t\t\t<div class=\"ekit-wid-con\" >        <!-- link opening -->\n                <!-- end link opening -->\n\n        <div class=\"elementskit-infobox text-left text-left icon-lef-right-aligin elementor-animation- media  \">\n                            <div class=\"elementskit-box-header\">\n                <div class=\"elementskit-info-box-icon text-center\">\n                    <img loading=\"lazy\" decoding=\"async\" width=\"130\" height=\"130\" src=\"https:\/\/fetajorentacar.com\/wp-content\/uploads\/2025\/06\/Fetajo-Rent-a-Car-Car-hire-Malaga-Airport-in-Costa-del-Sol-Malaga-5.webp\" class=\"attachment- size-\" alt=\"No queues car hire at Malaga Airport with Fetajo\" \/>                <\/div>\n          <\/div>\n                <div class=\"box-body\">\n                            <h3 class=\"elementskit-info-box-title\">\n                    Sin colas para recoger tu veh\u00edculo en el Aeropuerto de M\u00e1laga                <\/h3>\n                        \t\t  \t<p>Te recogemos directamente en el aeropuerto de M\u00e1laga\n<\/p>\n                                <\/div>\n        \n        \n                <\/div>\n        <\/div>\t\t\t\t<\/div>\n\t\t\t\t<\/div>\n\t\t\t\t\t<\/div>\n\t\t\t\t<\/div>\n\t\t<div class=\"elementor-element elementor-element-a972efc e-flex e-con-boxed e-con e-parent\" data-id=\"a972efc\" data-element_type=\"container\" data-e-type=\"container\">\n\t\t\t\t\t<div class=\"e-con-inner\">\n\t\t<div class=\"elementor-element elementor-element-78f0b3d e-con-full e-flex e-con e-child\" data-id=\"78f0b3d\" data-element_type=\"container\" data-e-type=\"container\">\n\t\t\t\t<div class=\"elementor-element elementor-element-ab7cf43 elementor-widget__width-initial elementor-widget-mobile__width-inherit ekit-equal-height-disable elementor-invisible elementor-widget elementor-widget-elementskit-icon-box\" data-id=\"ab7cf43\" data-element_type=\"widget\" data-e-type=\"widget\" data-settings=\"{&quot;_animation&quot;:&quot;fadeInUp&quot;,&quot;ekit_we_effect_on&quot;:&quot;none&quot;}\" data-widget_type=\"elementskit-icon-box.default\">\n\t\t\t\t\t<div class=\"ekit-wid-con\" >        <!-- link opening -->\n                <a href=\"https:\/\/fetajorentacar.com\/about-us-rent-car-malaga\/\" target=\"_blank\" class=\"ekit_global_links\">\n                <!-- end link opening -->\n\n        <div class=\"elementskit-infobox text-left text-left icon-top-align elementor-animation-   \">\n                    <div class=\"elementskit-box-header elementor-animation-\">\n                <div class=\"elementskit-info-box-icon  \">\n                    <i aria-hidden=\"true\" class=\"elementkit-infobox-icon icon icon-car11\"><\/i>\n                <\/div>\n          <\/div>\n                        <div class=\"box-body\">\n                            <h3 class=\"elementskit-info-box-title\">\n                    M\u00e1s de 40 a\u00f1os de experiencia                <\/h3>\n                        \t\t  \t<p>El mejor servicio de alquiler de coches en el Aeropuerto de M\u00e1laga y la Costa del Sol.<\/p>\n                                <\/div>\n        \n        \n                <\/div>\n                <\/a>\n        <\/div>\t\t\t\t<\/div>\n\t\t<div class=\"elementor-element elementor-element-bfbf7df e-con-full e-flex elementor-invisible e-con e-child\" data-id=\"bfbf7df\" data-element_type=\"container\" data-e-type=\"container\" data-settings=\"{&quot;animation&quot;:&quot;fadeInUp&quot;,&quot;animation_delay&quot;:100}\">\n\t\t\t\t<div class=\"elementor-element elementor-element-f58c97c at-shiny-glass-effect about-video-image at-image-animation at-animation-image-none elementor-widget elementor-widget-image\" data-id=\"f58c97c\" data-element_type=\"widget\" data-e-type=\"widget\" data-settings=\"{&quot;ekit_we_effect_on&quot;:&quot;none&quot;}\" data-widget_type=\"image.default\">\n\t\t\t\t\t\t\t\t\t\t\t\t\t\t\t<img loading=\"lazy\" decoding=\"async\" width=\"2560\" height=\"1709\" src=\"https:\/\/fetajorentacar.com\/wp-content\/uploads\/2025\/10\/GPS-Navigator-Fetajo-Rent-a-Car-scaled.webp\" class=\"attachment-full size-full wp-image-10801\" alt=\"alquiler de coches en malaga - preguntas frecuentes\" srcset=\"https:\/\/fetajorentacar.com\/wp-content\/uploads\/2025\/10\/GPS-Navigator-Fetajo-Rent-a-Car-scaled.webp 2560w, https:\/\/fetajorentacar.com\/wp-content\/uploads\/2025\/10\/GPS-Navigator-Fetajo-Rent-a-Car-300x200.webp 300w, https:\/\/fetajorentacar.com\/wp-content\/uploads\/2025\/10\/GPS-Navigator-Fetajo-Rent-a-Car-1024x684.webp 1024w, https:\/\/fetajorentacar.com\/wp-content\/uploads\/2025\/10\/GPS-Navigator-Fetajo-Rent-a-Car-768x513.webp 768w, https:\/\/fetajorentacar.com\/wp-content\/uploads\/2025\/10\/GPS-Navigator-Fetajo-Rent-a-Car-1536x1025.webp 1536w, https:\/\/fetajorentacar.com\/wp-content\/uploads\/2025\/10\/GPS-Navigator-Fetajo-Rent-a-Car-2048x1367.webp 2048w\" sizes=\"(max-width: 2560px) 100vw, 2560px\" \/>\t\t\t\t\t\t\t\t\t\t\t\t\t\t\t<\/div>\n\t\t\t\t<\/div>\n\t\t<div class=\"elementor-element elementor-element-7666092 e-con-full e-flex e-con e-child\" data-id=\"7666092\" data-element_type=\"container\" data-e-type=\"container\">\n\t\t\t\t<div class=\"elementor-element elementor-element-cac33f3 at-shiny-glass-effect about-image at-image-animation at-animation-image-style-1 elementor-widget elementor-widget-image\" data-id=\"cac33f3\" data-element_type=\"widget\" data-e-type=\"widget\" data-settings=\"{&quot;ekit_we_effect_on&quot;:&quot;none&quot;}\" data-widget_type=\"image.default\">\n\t\t\t\t\t\t\t\t\t\t\t\t\t\t\t<img loading=\"lazy\" decoding=\"async\" width=\"2560\" height=\"1707\" src=\"https:\/\/fetajorentacar.com\/wp-content\/uploads\/2025\/10\/Child-Seat-Fetajo-Rent-a-Car-scaled.webp\" class=\"attachment-full size-full wp-image-10796\" alt=\"alquiler de coches en malaga - preguntas frecuentes\" srcset=\"https:\/\/fetajorentacar.com\/wp-content\/uploads\/2025\/10\/Child-Seat-Fetajo-Rent-a-Car-scaled.webp 2560w, https:\/\/fetajorentacar.com\/wp-content\/uploads\/2025\/10\/Child-Seat-Fetajo-Rent-a-Car-300x200.webp 300w, https:\/\/fetajorentacar.com\/wp-content\/uploads\/2025\/10\/Child-Seat-Fetajo-Rent-a-Car-1024x683.webp 1024w, https:\/\/fetajorentacar.com\/wp-content\/uploads\/2025\/10\/Child-Seat-Fetajo-Rent-a-Car-768x512.webp 768w, https:\/\/fetajorentacar.com\/wp-content\/uploads\/2025\/10\/Child-Seat-Fetajo-Rent-a-Car-1536x1024.webp 1536w, https:\/\/fetajorentacar.com\/wp-content\/uploads\/2025\/10\/Child-Seat-Fetajo-Rent-a-Car-2048x1365.webp 2048w\" sizes=\"(max-width: 2560px) 100vw, 2560px\" \/>\t\t\t\t\t\t\t\t\t\t\t\t\t\t\t<\/div>\n\t\t\t\t<\/div>\n\t\t\t\t<\/div>\n\t\t<div class=\"elementor-element elementor-element-26c386e e-con-full e-flex e-con e-child\" data-id=\"26c386e\" data-element_type=\"container\" data-e-type=\"container\">\n\t\t\t\t<div class=\"elementor-element elementor-element-7de71a2 elementor-invisible elementor-widget elementor-widget-text-editor\" data-id=\"7de71a2\" data-element_type=\"widget\" data-e-type=\"widget\" data-settings=\"{&quot;_animation&quot;:&quot;fadeInUp&quot;,&quot;_animation_delay&quot;:100,&quot;ekit_we_effect_on&quot;:&quot;none&quot;}\" data-widget_type=\"text-editor.default\">\n\t\t\t\t\t\t\t\t\t<p><a href=\"https:\/\/fetajorentacar.com\/es\/coches-de-alquiler-aeropuerto-de-malaga\/\">Accesorios Extra<\/a><\/p>\t\t\t\t\t\t\t\t<\/div>\n\t\t<div class=\"elementor-element elementor-element-de26a24 e-con-full e-flex e-con e-child\" data-id=\"de26a24\" data-element_type=\"container\" data-e-type=\"container\">\n\t\t\t\t<div class=\"elementor-element elementor-element-8d8c681 elementor-widget__width-initial about-content-body elementor-widget-mobile__width-inherit ekit-equal-height-disable elementor-invisible elementor-widget elementor-widget-elementskit-icon-box\" data-id=\"8d8c681\" data-element_type=\"widget\" data-e-type=\"widget\" data-settings=\"{&quot;_animation&quot;:&quot;fadeInUp&quot;,&quot;ekit_we_effect_on&quot;:&quot;none&quot;}\" data-widget_type=\"elementskit-icon-box.default\">\n\t\t\t\t\t<div class=\"ekit-wid-con\" >        <!-- link opening -->\n                <!-- end link opening -->\n\n        <div class=\"elementskit-infobox text-left text-left icon-top-align elementor-animation-   \">\n                    <div class=\"elementskit-box-header elementor-animation-\">\n                <div class=\"elementskit-info-box-icon  \">\n                    <i aria-hidden=\"true\" class=\"elementkit-infobox-icon icon icon-google-map\"><\/i>\n                <\/div>\n          <\/div>\n                        <div class=\"box-body\">\n                            <h3 class=\"elementskit-info-box-title\">\n                    Navegador GPS                 <\/h3>\n                        \t\t  \t<p>6,00\u20ac\/d\u00eda m\u00edn. 12,00\u20ac m\u00e1x. 60,00\u20ac por reserva. <\/p>\n                                <\/div>\n        \n        \n                <\/div>\n        <\/div>\t\t\t\t<\/div>\n\t\t\t\t<div class=\"elementor-element elementor-element-9270f77 elementor-widget__width-initial about-content-body elementor-widget-mobile__width-inherit ekit-equal-height-disable elementor-invisible elementor-widget elementor-widget-elementskit-icon-box\" data-id=\"9270f77\" data-element_type=\"widget\" data-e-type=\"widget\" data-settings=\"{&quot;_animation&quot;:&quot;fadeInUp&quot;,&quot;_animation_delay&quot;:100,&quot;ekit_we_effect_on&quot;:&quot;none&quot;}\" data-widget_type=\"elementskit-icon-box.default\">\n\t\t\t\t\t<div class=\"ekit-wid-con\" >        <!-- link opening -->\n                <!-- end link opening -->\n\n        <div class=\"elementskit-infobox text-left text-left icon-top-align elementor-animation-   \">\n                    <div class=\"elementskit-box-header elementor-animation-\">\n                <div class=\"elementskit-info-box-icon  \">\n                    <i aria-hidden=\"true\" class=\"elementkit-infobox-icon icon icon-protected-content-v2\"><\/i>\n                <\/div>\n          <\/div>\n                        <div class=\"box-body\">\n                            <h3 class=\"elementskit-info-box-title\">\n                    Silla de beb\u00e9 (de 0 a 12 meses)                 <\/h3>\n                        \t\t  \t<p>Silla de beb\u00e9 (de 0 a 12 meses) 5\u20ac\/d\u00eda m\u00edn. 15,00\u20ac m\u00e1x. 40,00\u20ac por reserva. <\/p>\n                                <\/div>\n        \n        \n                <\/div>\n        <\/div>\t\t\t\t<\/div>\n\t\t\t\t<\/div>\n\t\t<div class=\"elementor-element elementor-element-afe5e55 e-con-full e-flex e-con e-child\" data-id=\"afe5e55\" data-element_type=\"container\" data-e-type=\"container\">\n\t\t\t\t<div class=\"elementor-element elementor-element-5459992 elementor-widget__width-initial about-content-body elementor-widget-mobile__width-inherit ekit-equal-height-disable elementor-invisible elementor-widget elementor-widget-elementskit-icon-box\" data-id=\"5459992\" data-element_type=\"widget\" data-e-type=\"widget\" data-settings=\"{&quot;_animation&quot;:&quot;fadeInUp&quot;,&quot;ekit_we_effect_on&quot;:&quot;none&quot;}\" data-widget_type=\"elementskit-icon-box.default\">\n\t\t\t\t\t<div class=\"ekit-wid-con\" >        <!-- link opening -->\n                <!-- end link opening -->\n\n        <div class=\"elementskit-infobox text-left text-left icon-top-align elementor-animation-   \">\n                    <div class=\"elementskit-box-header elementor-animation-\">\n                <div class=\"elementskit-info-box-icon  \">\n                    <i aria-hidden=\"true\" class=\"elementkit-infobox-icon icon icon-user-login\"><\/i>\n                <\/div>\n          <\/div>\n                        <div class=\"box-body\">\n                            <h3 class=\"elementskit-info-box-title\">\n                    Silla infantil (de 1 a 3 a\u00f1os)                <\/h3>\n                        \t\t  \t<p>Silla de ni\u00f1o (de 1 a 3 a\u00f1os) 5\u20ac\/d\u00eda m\u00edn. 15,00\u20ac m\u00e1x. 40,00\u20ac por reserva. <\/p>\n                                <\/div>\n        \n        \n                <\/div>\n        <\/div>\t\t\t\t<\/div>\n\t\t\t\t<div class=\"elementor-element elementor-element-e67c6a5 elementor-widget__width-initial about-content-body elementor-widget-mobile__width-inherit ekit-equal-height-disable elementor-invisible elementor-widget elementor-widget-elementskit-icon-box\" data-id=\"e67c6a5\" data-element_type=\"widget\" data-e-type=\"widget\" data-settings=\"{&quot;_animation&quot;:&quot;fadeInUp&quot;,&quot;_animation_delay&quot;:100,&quot;ekit_we_effect_on&quot;:&quot;none&quot;}\" data-widget_type=\"elementskit-icon-box.default\">\n\t\t\t\t\t<div class=\"ekit-wid-con\" >        <!-- link opening -->\n                <!-- end link opening -->\n\n        <div class=\"elementskit-infobox text-left text-left icon-top-align elementor-animation-   \">\n                    <div class=\"elementskit-box-header elementor-animation-\">\n                <div class=\"elementskit-info-box-icon  \">\n                    <i aria-hidden=\"true\" class=\"elementkit-infobox-icon icon icon-user-login\"><\/i>\n                <\/div>\n          <\/div>\n                        <div class=\"box-body\">\n                            <h3 class=\"elementskit-info-box-title\">\n                    Silla para ni\u00f1os (de 4 a 7 a\u00f1os)                <\/h3>\n                        \t\t  \t<p>Silla para ni\u00f1os (de 4 a 7 a\u00f1os) 3\u20ac\/d\u00eda m\u00edn. 12,00\u20ac m\u00e1x. 30,00\u20ac por reserva. <\/p>\n                                <\/div>\n        \n        \n                <\/div>\n        <\/div>\t\t\t\t<\/div>\n\t\t\t\t<\/div>\n\t\t\t\t<\/div>\n\t\t\t\t\t<\/div>\n\t\t\t\t<\/div>\n\t\t\t\t<\/div>\n\t\t","protected":false},"excerpt":{"rendered":"<p>Alquiler de coches en M\u00e1lagaPreguntas frecuentes Preguntas frecuentes sobre el alquiler de [&hellip;]<\/p>\n","protected":false},"author":1,"featured_media":10801,"parent":0,"menu_order":0,"comment_status":"closed","ping_status":"closed","template":"elementor_header_footer","meta":{"footnotes":"","rank_math_title":"Preguntas Frecuentes | Fetajo Rent a Car","rank_math_description":"Descubre preguntas frecuentes en M\u00e1laga con Fetajo Rent a Car. Alquila tu coche en el aeropuerto de M\u00e1laga y explora la Costa del Sol.","rank_math_canonical_url":"","rank_math_focus_keyword":"preguntas frecuentes,alquiler de coches en m\u00e1laga,FAQ alquiler coche malaga"},"class_list":["post-11354","page","type-page","status-publish","has-post-thumbnail","hentry"],"_links":{"self":[{"href":"https:\/\/fetajorentacar.com\/es\/wp-json\/wp\/v2\/pages\/11354","targetHints":{"allow":["GET"]}}],"collection":[{"href":"https:\/\/fetajorentacar.com\/es\/wp-json\/wp\/v2\/pages"}],"about":[{"href":"https:\/\/fetajorentacar.com\/es\/wp-json\/wp\/v2\/types\/page"}],"author":[{"embeddable":true,"href":"https:\/\/fetajorentacar.com\/es\/wp-json\/wp\/v2\/users\/1"}],"replies":[{"embeddable":true,"href":"https:\/\/fetajorentacar.com\/es\/wp-json\/wp\/v2\/comments?post=11354"}],"version-history":[{"count":2,"href":"https:\/\/fetajorentacar.com\/es\/wp-json\/wp\/v2\/pages\/11354\/revisions"}],"predecessor-version":[{"id":12398,"href":"https:\/\/fetajorentacar.com\/es\/wp-json\/wp\/v2\/pages\/11354\/revisions\/12398"}],"wp:featuredmedia":[{"embeddable":true,"href":"https:\/\/fetajorentacar.com\/es\/wp-json\/wp\/v2\/media\/10801"}],"wp:attachment":[{"href":"https:\/\/fetajorentacar.com\/es\/wp-json\/wp\/v2\/media?parent=11354"}],"curies":[{"name":"wp","href":"https:\/\/api.w.org\/{rel}","templated":true}]}}